{"version":"1.0","provider_name":"Dzia\u0142dowska Agencja Rozwoju S.A.","provider_url":"https:\/\/darsa.pl\/www","author_name":"adm","author_url":"https:\/\/darsa.pl\/www\/author\/adm\/","title":"Ankieta dla mieszka\u0144c\u00f3w powiatu - Dzia\u0142dowska Agencja Rozwoju S.A.","type":"rich","width":600,"height":338,"html":"<blockquote class=\"wp-embedded-content\" data-secret=\"298vOkZ4FI\"><a href=\"https:\/\/darsa.pl\/www\/2020\/08\/02\/ankieta-dla-mieszkancow-powiatu\/\">Ankieta dla mieszka\u0144c\u00f3w powiatu<\/a><\/blockquote><iframe sandbox=\"allow-scripts\" security=\"restricted\" src=\"https:\/\/darsa.pl\/www\/2020\/08\/02\/ankieta-dla-mieszkancow-powiatu\/embed\/#?secret=298vOkZ4FI\" width=\"600\" height=\"338\" title=\"&#8222;Ankieta dla mieszka\u0144c\u00f3w powiatu&#8221; &#8212; Dzia\u0142dowska Agencja Rozwoju S.A.\" data-secret=\"298vOkZ4FI\" frameborder=\"0\" marginwidth=\"0\" marginheight=\"0\" scrolling=\"no\" class=\"wp-embedded-content\"><\/iframe><script type=\"text\/javascript\">\n\/* <![CDATA[ *\/\n\/*! This file is auto-generated *\/\n!function(d,l){\"use strict\";l.querySelector&&d.addEventListener&&\"undefined\"!=typeof URL&&(d.wp=d.wp||{},d.wp.receiveEmbedMessage||(d.wp.receiveEmbedMessage=function(e){var t=e.data;if((t||t.secret||t.message||t.value)&&!\/[^a-zA-Z0-9]\/.test(t.secret)){for(var s,r,n,a=l.querySelectorAll('iframe[data-secret=\"'+t.secret+'\"]'),o=l.querySelectorAll('blockquote[data-secret=\"'+t.secret+'\"]'),c=new RegExp(\"^https?:$\",\"i\"),i=0;i<o.length;i++)o[i].style.display=\"none\";for(i=0;i<a.length;i++)s=a[i],e.source===s.contentWindow&&(s.removeAttribute(\"style\"),\"height\"===t.message?(1e3<(r=parseInt(t.value,10))?r=1e3:~~r<200&&(r=200),s.height=r):\"link\"===t.message&&(r=new URL(s.getAttribute(\"src\")),n=new URL(t.value),c.test(n.protocol))&&n.host===r.host&&l.activeElement===s&&(d.top.location.href=t.value))}},d.addEventListener(\"message\",d.wp.receiveEmbedMessage,!1),l.addEventListener(\"DOMContentLoaded\",function(){for(var e,t,s=l.querySelectorAll(\"iframe.wp-embedded-content\"),r=0;r<s.length;r++)(t=(e=s[r]).getAttribute(\"data-secret\"))||(t=Math.random().toString(36).substring(2,12),e.src+=\"#?secret=\"+t,e.setAttribute(\"data-secret\",t)),e.contentWindow.postMessage({message:\"ready\",secret:t},\"*\")},!1)))}(window,document);\n\/\/# sourceURL=https:\/\/darsa.pl\/www\/wp-includes\/js\/wp-embed.min.js\n\/* ]]> *\/\n<\/script>\n","description":"W imieniu Zarz\u0105du Powiatu Dzia\u0142dowskiego\u00a0bardzo prosimy o\u00a0wype\u0142nienie ankiety dla mieszka\u0144c\u00f3w powiatu dzia\u0142dowskiego, kt\u00f3ra jest jednym z narz\u0119dzi do opracowania Strategii nowo powsta\u0142ego Obszaru Funkcjonalnego \u2013 Po\u0142udniowe Mazury, kt\u00f3ry tworz\u0105 powiaty: dzia\u0142dowski, nidzicki, szczycie\u0144ski i piski.\u00a0Celem nowo powsta\u0142ego porozumienia ponadlokalnego czterech powiat\u00f3w jest pozyskanie dodatkowego dofinansowania\u00a0pozakonkursowego z puli \u015brodk\u00f3w Unii Europejskiej [&hellip;]","thumbnail_url":"https:\/\/darsa.pl\/www\/wp-content\/uploads\/2020\/07\/og_img3.png","thumbnail_width":1200,"thumbnail_height":630}